{"id":9366,"date":"2018-11-13T21:30:18","date_gmt":"2018-11-13T20:30:18","guid":{"rendered":"https:\/\/www.anne-frank-gymnasium.de\/?page_id=9366"},"modified":"2026-02-20T13:54:29","modified_gmt":"2026-02-20T12:54:29","slug":"allgemeines-zum-fach-philosophie-am-afg","status":"publish","type":"page","link":"https:\/\/www.anne-frank-gymnasium.de\/?page_id=9366","title":{"rendered":"Philosophie \/ Praktische Philosophie am AFG"},"content":{"rendered":"<p><strong><em>\u201eSapere aude! Habe Mut, dich deines eigenen Verstandes zu bedienen!\u201c<\/em><\/strong><em>\u00a0<\/em>\u2013\u00a0Immanuel Kant<\/p>\n<p><strong>\u00a0<\/strong><\/p>\n<p><strong>Das Fach Philosophie \u2013 ein Laberfach?<\/strong><\/p>\n<h2><\/h2>\n<p>Die Philosophie unterscheidet sich von anderen Wissenschaften dadurch, dass sie keine endg\u00fcltigen Antworten bereith\u00e4lt. Auch sind die Fragen, mit denen sich Philosoph*innen auseinandersetzen, gerade diejenigen, die nicht empirisch beantwortbar sind. Hieraus entsteht immer wieder das Vorurteil, Philosophie sei ein \u201aLaberfach\u2018, wo es darum gehe, eine Meinung zu \u00e4u\u00dfern, die, da es sich nicht um empirische Fragen handelt, nicht weiter hinterfragbar sei.<\/p>\n<p>Ganz im Gegenteil! Die Philosophie verlangt eine absolute Genauigkeit im Denken. Die speziellen Werkzeuge dieser Disziplin bestehen nicht in Messger\u00e4ten oder einem Taschenrechner, sondern beispielsweise in schlussfolgernden Argumentationen, der genauen Unterscheidung von Ursache und Wirkung, oder der Ableitung des Besonderen aus dem Allgemeinen. Philosophische Fragen f\u00fchren zum Staunen \u00fcber die Welt und dem Zweifel an bisherigen Gewissheiten. Daher kann eine Meinung oder ein Alltagsverst\u00e4ndnis immer nur der Ausgangspunkt sein, welcher hinterfragt werden muss, um anschlie\u00dfend schrittweise durch Argumente gest\u00fctzt oder widerlegt zu werden. Hierdurch leistet die Philosophie einen unerl\u00e4sslichen Beitrag in der Bildung von aufgekl\u00e4rten Sch\u00fcler*innen, die nicht nur den Mut, sondern auch die F\u00e4higkeit haben, sich ihres eigenen Verstandes zu bedienen.<\/p>\n<p>Wer Philosophie als Unterrichtsfach in der Oberstufe w\u00e4hlt, sollte unbedingt <strong>Freude am eigenst\u00e4ndigen Denken<\/strong> mitbringen. Der Philosophie-Unterricht selbst lebt dann vom Gespr\u00e4ch der Kursteilnehmer*innen miteinander. Sie sollten daher einige F\u00e4higkeiten entwickeln, damit ein solches Gespr\u00e4ch stattfinden kann: die Bereitschaft, sich und anderen kritische Fragen zu stellen, anderen zuzuh\u00f6ren, sich mit fremden Denkans\u00e4tzen auseinander zu setzen. Schlie\u00dflich die Bereitschaft und Ausdauer, sich der notwendigen Verst\u00e4ndniserschlie\u00dfung am Text nicht zu entziehen. Denn viele philosophische Text werden nicht leicht verst\u00e4ndlich sein. Philosophie-Unterricht will damit helfen, andere Zeiten und Kulturkreise, aber auch Auffassungen, in die wir hineinwachsen, besser zu verstehen sowie dazu anregen, einen eigenen Standpunkt zu entwickeln und damit Orientierung f\u00fcr das eigene Leben vermitteln.<\/p>\n<h2><\/h2>\n<p>Ziele des Faches Philosophie:<\/p>\n<p>Die Frage nach den Gegenst\u00e4nden von Philosophie hat der Philosoph Immanuel Kant (1724-1804) einmal folgenderma\u00dfen beantwortet:<\/p>\n<ul>\n<li>Was kann ich wissen?<\/li>\n<li>Was soll ich tun?<\/li>\n<li>Was darf ich hoffen?<\/li>\n<li>Was ist der Mensch?<\/li>\n<\/ul>\n<p>&nbsp;<\/p>\n<p>Diese nach wie vor g\u00fcltige Themenbestimmung macht zweierlei deutlich:<\/p>\n<ol>\n<li>Der Philosophierende ist ein fragender, ein nachdenklicher Mensch, der sich mit vorschnellen Antworten und dem, was immer schon so war, nicht zufriedengibt.<\/li>\n<li>Gegenstand und Ziel allen philosophischen Fragens ist der Mensch selbst, der sich und die Welt begreifen m\u00f6chte, um sich in ihr zurechtfinden zu k\u00f6nnen.<\/li>\n<\/ol>\n<p>Kant \u00e4u\u00dferte einmal, man k\u00f6nne nicht Philosophie lernen, sondern nur das Philosophieren. F\u00fcr den Philosophie-Unterricht bedeutet das, dass die Sch\u00fcler selbst philosophieren sollen und\u00a0<em>nicht nur etwas<\/em>\u00a0<em>\u00fcber<\/em>\u00a0die Philosophie bestimmter Philosophen gelehrt bekommen. Das darf nicht mit dem blo\u00dfen \u00c4u\u00dfern seiner Meinung wie in einer Talkshow verwechselt werden, denn es kommt immer auf die Begr\u00fcndung und Rechtfertigung an, die \u00e4hnlich wie in der Mathematik sehr abstrakt und allgemeing\u00fcltig entwickelt werden muss. Das eigene Philosophieren soll also einge\u00fcbt werden. Dabei werden verschiedene F\u00e4higkeiten trainiert, die einem nicht nur im Philosophie-Unterricht zugutekommen:<\/p>\n<ul>\n<li><em>Fragen und Probleme denkend erschlie\u00dfen<\/em><\/li>\n<li><em>rationales Argumentieren<\/em><\/li>\n<li><em>Zuh\u00f6ren, Aussagen anderer erwidern k\u00f6nnen<\/em><\/li>\n<li><em>Analysieren von philosophischen Texten<\/em><\/li>\n<li><em>kritisches und selbstkritisches Denken<\/em><\/li>\n<li><em>selbst\u00e4ndiges Urteilen<\/em><\/li>\n<li><em>Entscheidungsf\u00e4higkeit in Fragen des eigenen Handelns erlangen<\/em><\/li>\n<li><em>selbst\u00e4ndige Wertorientierung<\/em><\/li>\n<\/ul>\n<p>&nbsp;<\/p>\n<p>Inhaltlich stehen neben den Einzelthemen folgende allgemeine Ziele im Vordergrund:<\/p>\n<ul>\n<li><em>\u00dcberblick \u00fcber philosophische Grundpositionen erlangen<\/em><\/li>\n<li><em>Hintergr\u00fcnde abendl\u00e4ndischer Kultur kennen lernen<\/em><\/li>\n<li><em>Wurzeln der (Natur-)Wissenschaft, des Staatswesens, der Moral kennen lernen<\/em><\/li>\n<li><em>Bedeutung der Sprache im Zusammenhang des Weltverst\u00e4ndnisses begreifen<\/em><\/li>\n<li><em>Zusammenhang zwischen wissenschaftlichem Wissen und Weltbild erkennen<\/em><\/li>\n<\/ul>\n<p><strong>\u00a0<\/strong><\/p>\n<p>Weiter unten findest Du \/ finden Sie drei Videos von Sch\u00fclerinnen und Sch\u00fclern zur Frage &#8222;Was ist f\u00fcr dich Philosophie?&#8220;<\/p>\n<p>&nbsp;<\/p>\n<p><strong>Philosophie am AFG<\/strong><\/p>\n<p>Die Fachkonferenz Philosophie hat am Anne-Frank-Gymnasiums die folgenden Lehrwerke eingef\u00fchrt:<\/p>\n<ul>\n<li><em>Zug\u00e4nge zur Philosophie,<\/em> Cornelsen-Verlag Berlin, 2010.<\/li>\n<li><em>Philo- NRW\/ Unterrichtswerk f\u00fcr Philosophie in der Sekundarstufe II,<\/em> Buchner-Verlag, 2015.<\/li>\n<\/ul>\n<p>Kleine Randnotiz J: F\u00fcr die R\u00fcckkehr zu G9 werden vom Ministerium f\u00fcr Schule und Bildung zurzeit Lehrpl\u00e4ne erarbeitet. Weitere Informationen zu den Richtlinien, Inhalten, Methoden und Leistungsanforderungen findet Ihr auf den Seiten des schulinternen Curriculums.<\/p>\n<p>Es gr\u00fc\u00dft herzlichst die Fachschaft Philosophie.<\/p>\n<p>&nbsp;<\/p>\n<p><strong>Weitere Informationen:<\/strong><\/p>\n<ul>\n<li><a href=\"https:\/\/www.anne-frank-gymnasium.de\/?cat=76\">Beitr\u00e4ge zum Fach Philosophie<\/a><\/li>\n<\/ul>\n<p>&nbsp;<\/p>\n<p>Hier noch drei Videos zur Frage &#8222;Was ist f\u00fcr dich Philosophie?&#8220;:<\/p>\n<div class=\"embed-container\"><iframe loading=\"lazy\" title=\"WasPhilo Q2 a\" width=\"870\" height=\"489\" src=\"https:\/\/www.youtube.com\/embed\/dbdfQm4dK-s?feature=oembed\" frameborder=\"0\" allow=\"accelerometer; autoplay; clipboard-write; encrypted-media; gyroscope; picture-in-picture; web-share\" referrerpolicy=\"strict-origin-when-cross-origin\" allowfullscreen><\/iframe><\/div>\n<p>&nbsp;<\/p>\n<div class=\"embed-container\"><iframe loading=\"lazy\" title=\"WasPhilo Q2 c\" width=\"870\" height=\"489\" src=\"https:\/\/www.youtube.com\/embed\/4IX0n3cX3dI?feature=oembed\" frameborder=\"0\" allow=\"accelerometer; autoplay; clipboard-write; encrypted-media; gyroscope; picture-in-picture; web-share\" referrerpolicy=\"strict-origin-when-cross-origin\" allowfullscreen><\/iframe><\/div>\n<p>&nbsp;<\/p>\n<div class=\"embed-container\"><iframe loading=\"lazy\" title=\"WasPhilo Q1 a\" width=\"870\" height=\"489\" src=\"https:\/\/www.youtube.com\/embed\/5N0Gx49lr28?feature=oembed\" frameborder=\"0\" allow=\"accelerometer; autoplay; clipboard-write; encrypted-media; gyroscope; picture-in-picture; web-share\" referrerpolicy=\"strict-origin-when-cross-origin\" allowfullscreen><\/iframe><\/div>\n<p>&nbsp;<\/p>\n<p><strong>Praktische Philosophie am AFG \u2013 Vorbereitung auf den Philosophieunterricht in der Oberstufe und Alternative zu katholischer und evangelischer Religion.<\/strong><\/p>\n<p>&nbsp;<\/p>\n<p>Das Laberfach\u00a0 &#8211; nein, gesprochen wird zwar viel, wie jedoch im vorangehenden Text \u00fcber die Philosophie am AFG deutlich geworden, ist auch die Praktische Philosophie kein Fach, in dem man sich ausruhen und rumlabern kann. Ganz im Gegenteil!<\/p>\n<p>Das Fach, gerne auch als Alternative zum christlichen Religionsunterricht gew\u00e4hlt, tr\u00e4gt zum Bildungsauftrag der Schule bei, indem es die pers\u00f6nliche, soziale und auch politische Bildung der Sch\u00fclerinnen und Sch\u00fcler f\u00f6rdert. Es unterst\u00fctzt die Entwicklung der Gesamtpers\u00f6nlichkeit zu sozialer Verantwortung, zur Gestaltung einer demokratischen Gesellschaft, zur Orientierung an Grundwerten, zu Nachhaltigkeit, zur kulturellen Mitgestaltung. Die jungen Menschen setzen sich mit Sinn- und Wertefragen auseinander und reflektieren kriteriengeleitet ihre eigene Verantwortung in der Gesellschaft. So gelangen sie zu verantwortlichem Handeln, das sie fundiert begr\u00fcnden k\u00f6nnen. Im Zentrum des Unterrichts steht also die systematische Auseinandersetzung mit Sinn- und Wertefragen auf der Grundlage einer argumentativ-diskursiven Reflexion.<\/p>\n<p>Die Sch\u00fclerinnen und Sch\u00fcler erlernen wesentliche Kompetenzen in der Auseinandersetzung mit den verschiedenen Themen, wie die Methodenkompetenz, Sachkompetenz, Urteils- und Handlungskompetenz. Die Kompetenzen sind an fachliche Inhalte gebunden. 7 verschiedene Inhaltsfelder werden in der Sekundarstufe I behandelt: Das Selbst, zwischenmenschliche Beziehungen, Verantwortung, Strukturen des Zusammenlebens, Gegenwart und Zukunft, Sinnsuche und Lebensentw\u00fcrfe sowie menschliche Erkenntnis.<\/p>\n<p>Ein Beispiel f\u00fcr die thematische Konkretisierung des Inhaltsfeldes \u201eVerantwortung\u201c sind Mensch und Natur, Wahrheit, Wahrhaftigkeit und L\u00fcge in den Jahrg\u00e4ngen 5 und 6. Das Thema Gerechtigkeit ist zum Beispiel inhaltlicher Schwerpunkt des Inhaltsfeldes \u201eStrukturen des Zusammenlebens\u201c.<\/p>\n<p>Am Ende der Sekundarstufe I sollten Sch\u00fclerinnen und Sch\u00fcler etwa \u00fcber ihre Lebensrealit\u00e4t, Lebenstr\u00e4ume und berufliche Perspektiven diskutieren, die Rolle von Vernunft und Emotion bei Entscheidungsprozessen \u00fcberpr\u00fcfen und die vielf\u00e4ltigen Rollen im Prozess des Selbst-Entwurfs sowie deren Chancen und Grenzen bewerten k\u00f6nnen. Sie sollten die Gefahren fundamentalistischer Positionen f\u00fcr das gemeinschaftliche Zusammenleben beschreiben, die Bedeutung von Sprache und Medien f\u00fcr sich selbst und f\u00fcr das Miteinander in der Gemeinschaft kriteriengeleitet diskutieren k\u00f6nnen.<\/p>\n<p>Die Sch\u00fclerinnen und Sch\u00fcler beschreiben das Spannungsverh\u00e4ltnis zwischen Freiheit und Verantwortung, diskutieren Beispiele von Zivilcourage hinsichtlich ihrer Notwendigkeit und unterscheiden ethische Positionen. Auch religi\u00f6se Positionen werden einander gegen\u00fcbergestellt und in ihren Deutungsmustern kritisch analysiert und hinterfragt.<\/p>\n<p>Insgesamt sind dies vielf\u00e4ltige Beispiele f\u00fcr das Heranreifen der Pers\u00f6nlichkeiten, das Ausbilden von wesentlichen Kompetenzen f\u00fcr ein verantwortliches, tolerantes und empathisches Miteinander in Gesellschaften.<\/p>\n<p>Es gibt, im Gegensatz zu den anderen F\u00e4chern keine schriftlichen Leistungs\u00fcberpr\u00fcfungsformate wie Klassenarbeiten oder Tests. Im Wesentlichen werden die m\u00fcndliche Beteiligung an den Diskursen sowie schriftliche Beitr\u00e4ge in Form von Pr\u00e4sentationen, Recherchen, Begriffsbestimmung oder kreative fachspezifische Arbeiten wie Collagen, Erkl\u00e4rvideos und \u00e4hnliches erwartet und als Leistungs\u00fcberpr\u00fcfung gewertet.<\/p>\n<p>Wir arbeiten mit dem Lehrwerk Leben leben vom Klett Verlag, das in 3 B\u00e4nden f\u00fcr je zwei Jahrg\u00e4nge erh\u00e4ltlich ist.<\/p>\n","protected":false},"excerpt":{"rendered":"<p>\u201eSapere aude! Habe Mut, dich deines eigenen Verstandes zu bedienen!\u201c\u00a0\u2013\u00a0Immanuel Kant<\/p>\n<p>\u00a0<\/p>\n<p>Das Fach Philosophie \u2013 ein Laberfach?<\/p>\n<p>Die Philosophie unterscheidet sich von anderen Wissenschaften dadurch, dass sie keine endg\u00fcltigen Antworten bereith\u00e4lt. Auch sind die Fragen, mit denen sich Philosoph*innen auseinandersetzen, gerade diejenigen, die nicht empirisch beantwortbar sind. Hieraus entsteht immer wieder das Vorurteil, Philosophie &hellip; <\/p>\n<p><a class=\"more-link btn\" href=\"https:\/\/www.anne-frank-gymnasium.de\/?page_id=9366\">Weiterlesen<\/a><\/p>\n","protected":false},"author":12,"featured_media":0,"parent":9364,"menu_order":0,"comment_status":"closed","ping_status":"closed","template":"","meta":{"footnotes":""},"class_list":["post-9366","page","type-page","status-publish","hentry","nodate","item-wrap"],"_links":{"self":[{"href":"https:\/\/www.anne-frank-gymnasium.de\/index.php?rest_route=\/wp\/v2\/pages\/9366","targetHints":{"allow":["GET"]}}],"collection":[{"href":"https:\/\/www.anne-frank-gymnasium.de\/index.php?rest_route=\/wp\/v2\/pages"}],"about":[{"href":"https:\/\/www.anne-frank-gymnasium.de\/index.php?rest_route=\/wp\/v2\/types\/page"}],"author":[{"embeddable":true,"href":"https:\/\/www.anne-frank-gymnasium.de\/index.php?rest_route=\/wp\/v2\/users\/12"}],"replies":[{"embeddable":true,"href":"https:\/\/www.anne-frank-gymnasium.de\/index.php?rest_route=%2Fwp%2Fv2%2Fcomments&post=9366"}],"version-history":[{"count":15,"href":"https:\/\/www.anne-frank-gymnasium.de\/index.php?rest_route=\/wp\/v2\/pages\/9366\/revisions"}],"predecessor-version":[{"id":19445,"href":"https:\/\/www.anne-frank-gymnasium.de\/index.php?rest_route=\/wp\/v2\/pages\/9366\/revisions\/19445"}],"up":[{"embeddable":true,"href":"https:\/\/www.anne-frank-gymnasium.de\/index.php?rest_route=\/wp\/v2\/pages\/9364"}],"wp:attachment":[{"href":"https:\/\/www.anne-frank-gymnasium.de\/index.php?rest_route=%2Fwp%2Fv2%2Fmedia&parent=9366"}],"curies":[{"name":"wp","href":"https:\/\/api.w.org\/{rel}","templated":true}]}}