{"id":8351,"date":"2018-09-24T16:16:16","date_gmt":"2018-09-24T14:16:16","guid":{"rendered":"https:\/\/www.anne-frank-gymnasium.de\/?page_id=8351"},"modified":"2026-04-29T12:45:53","modified_gmt":"2026-04-29T10:45:53","slug":"allgemeines-zu-franzoesisch","status":"publish","type":"page","link":"https:\/\/www.anne-frank-gymnasium.de\/?page_id=8351","title":{"rendered":"Franz\u00f6sisch am AFG"},"content":{"rendered":"<p><strong><a href=\"https:\/\/www.anne-frank-gymnasium.de\/wp-content\/uploads\/2024\/11\/pexels-luke-webb-1336561-2738173-scaled.jpg\"><img loading=\"lazy\" decoding=\"async\" class=\"aligncenter wp-image-18058 size-large\" src=\"https:\/\/www.anne-frank-gymnasium.de\/wp-content\/uploads\/2024\/11\/pexels-luke-webb-1336561-2738173-scaled-e1731330383692-1024x278.jpg\" alt=\"\" width=\"870\" height=\"236\" srcset=\"https:\/\/www.anne-frank-gymnasium.de\/wp-content\/uploads\/2024\/11\/pexels-luke-webb-1336561-2738173-scaled-e1731330383692-1024x278.jpg 1024w, https:\/\/www.anne-frank-gymnasium.de\/wp-content\/uploads\/2024\/11\/pexels-luke-webb-1336561-2738173-scaled-e1731330383692-300x81.jpg 300w, https:\/\/www.anne-frank-gymnasium.de\/wp-content\/uploads\/2024\/11\/pexels-luke-webb-1336561-2738173-scaled-e1731330383692-768x209.jpg 768w, https:\/\/www.anne-frank-gymnasium.de\/wp-content\/uploads\/2024\/11\/pexels-luke-webb-1336561-2738173-scaled-e1731330383692-1536x417.jpg 1536w, https:\/\/www.anne-frank-gymnasium.de\/wp-content\/uploads\/2024\/11\/pexels-luke-webb-1336561-2738173-scaled-e1731330383692-2048x556.jpg 2048w, https:\/\/www.anne-frank-gymnasium.de\/wp-content\/uploads\/2024\/11\/pexels-luke-webb-1336561-2738173-scaled-e1731330383692-870x236.jpg 870w\" sizes=\"auto, (max-width: 870px) 100vw, 870px\" \/><\/a><\/strong><\/p>\n<p><strong>Ziele und Nutzen des Franz\u00f6sischunterrichts<\/strong><\/p>\n<p>Das Erlernen der franzosischen Sprache ist f\u00fcr Menschen in Deutschland von besonderer Wichtigkeit. Franz\u00f6sisch ist Sprache des Nachbarlandes <strong>Frankreich,<\/strong> mit dem seit langem ein besonders enges Verh\u00e4ltnis besteht. Frankreich ist auch der bedeutendste Handelspartner Deutschlands, gute Franz\u00f6sischkenntnisse erh\u00f6hen damit immer auch die <strong>Berufschancen<\/strong>. Frankreich ist auch eines der beliebtesten <strong>Reiseziele<\/strong> in Europa. Und\u00a0 wer m\u00f6chte nicht im Urlaub und auf Reisen mit anderen Menschen in ihrer Sprache sprechen?<\/p>\n<p>Seit gut knapp 60 Jahren ist es das erkl\u00e4rte politische Ziel beider L\u00e4nder, die besonderen Beziehungen zwischen den beiden Partnern durch pers\u00f6nliche <strong>Kontakte<\/strong> zu pflegen und das Erlernen der Sprache des Partners zu f\u00f6rdern. Nach den Feindseeligkeiten aus zwei Weltkriegen sind die engen Beziehungen heute zu einem &#8222;Motor&#8220; von <strong>Einheit und Frieden<\/strong> <strong>in Europa<\/strong> geworden. Der <strong>Jugend<\/strong> kommt dabei weiterhin eine besondere Rolle zu.<\/p>\n<div class=\"page\" title=\"Page 11\">\n<div class=\"layoutArea\">\n<div class=\"column\">\n<p>Franz\u00f6sisch wird zudem in anderen deutschen Nachbarl\u00e4ndern als Muttersprache gesprochen wie in <strong>Luxemburg<\/strong>, der <strong>Schweiz<\/strong> und nat\u00fcrlich im nahegelegenen <strong>Belgien<\/strong>. Die deutsch-franz\u00f6sische Sprachgrenze liegt keine sechs Kilometer Luftlinie von unserer Schule entfernt. Daneben ist Franz\u00f6sisch Muttersprache in Teilen <strong>Kanadas<\/strong>, der <strong>USA<\/strong>, einer Reihe von Staaten und <strong>Nord- und Zentralafrika<\/strong> und weiteren Teilen der Welt. Zahlreiche <strong>internationale Organisationen<\/strong> kommunizieren traditionell in dieser Sprache.<\/p>\n<p>&nbsp;<\/p>\n<p><strong>Besonderheiten am AFG<\/strong><\/p>\n<p>Das Fach Franz\u00f6sisch kann am Anne-Frank-Gymnasium in G9 ab Klasse 7 im Rahmen der <a href=\"https:\/\/www.anne-frank-gymnasium.de\/?page_id=5612\">Sprachenwahl<\/a> als <strong>zweite Fremdsprache<\/strong> (WPI) gew\u00e4hlt werden. In der Oberstufe kann Franz\u00f6sisch in der Regel als Grundkurs bis zum Abitur fortgef\u00fchrt werden.<\/p>\n<p>Wir unterrichten in der Sekundarstufe I von Klasse 7-10 aktuell mit dem vierb\u00e4ndigen <strong>Lehrwerk<\/strong> <em>A plus<\/em> von Cornelsen. Die Schule stellt dabei das Sch\u00fclerbuch und Grammatikheft, die Eltern schaffen, wie in anderen F\u00e4chern, das <a href=\"https:\/\/www.anne-frank-gymnasium.de\/?page_id=5783\">Arbeitsheft<\/a> <em>Carnet d&#8217;activit\u00e9s<\/em> an. Daneben gibt es pro Band eine Reihe von Zusatzmaterial f\u00fcr Lehrkr\u00e4fte sowie f\u00fcr Sch\u00fclerinnen und Sch\u00fcler. In der Sekundarstufe II unterrichten wir mit dem <em>Basisdossier Les Jeunes<\/em> von Klett sowie einer Reihe weiterer authentischer Materialien wie Sachtexte, Romanausz\u00fcge, Gedichte, Lieder, Filme.<\/p>\n<\/div>\n<\/div>\n<\/div>\n<p>Ab Klasse 8 informieren wir jedes Jahr \u00fcber die M\u00f6glichkeit der Teilnahme am Sprachdiplom <strong>DELF<\/strong> in den verschiedenen Stufen des Gemeinsamen Europ\u00e4ischen Referenzrahmens f\u00fcr Sprachen. Besonderer Beliebtheit erfreut unser einw\u00f6chiger <strong><a href=\"https:\/\/www.anne-frank-gymnasium.de\/?page_id=6799\">Frankreichaustausch<\/a> <\/strong>mit dem <a href=\"http:\/\/saintpaul-lille.fr\/\">Coll\u00e8ge Saint-Paul<\/a> in Lille in Nordfrankreich, der alle zwei Jahre in den Klassen 9 und 10 angeboten wird. In der Oberstufe informieren wir \u00fcber m\u00f6gliche <strong><a href=\"https:\/\/www.anne-frank-gymnasium.de\/?page_id=5790\">Individualaustausche<\/a> <\/strong>(z.B. mit Qu\u00e9bec, Kanada) und verschiedene <strong>Studienm\u00f6glichkeiten<\/strong> in frankophonen L\u00e4ndern, zum Beispiel mit der <a href=\"https:\/\/www.dfh-ufa.org\">Deutsch-franz\u00f6sischen Hochschule<\/a>. Immer wieder verantalten wir <strong>Fahrten<\/strong> <strong>nach L\u00fcttich oder Br\u00fcssel<\/strong> und organisieren Aktionen mit dem <strong>Institut fran\u00e7ais<\/strong> oder dem <strong>FranceMobil<\/strong>.<\/p>\n<p>Bei schwachen Leistungen k\u00f6nnen Sch\u00fclerinnen und Sch\u00fcler am schulinternen <strong><a href=\"https:\/\/www.anne-frank-gymnasium.de\/?page_id=5212\">F\u00f6rderkurs<\/a><\/strong> teilnehmen, sofern dieser angeboten wird. Gerne vermitteln wir auch leistungsstarke Sch\u00fclerinnen und Sch\u00fcler der Oberstufe, die gerne Nachhilfe geben w\u00fcrden (<a href=\"https:\/\/www.anne-frank-gymnasium.de\/?page_id=12069\">&#8222;Sch\u00fclerInnen helfen Sch\u00fclerInnen&#8220;<\/a>).<\/p>\n<p>&nbsp;<\/p>\n<p>Johannes Kraft, Stand April 2026<\/p>\n<p>&nbsp;<\/p>\n<p><strong><br \/>\nDownloads und weitere Informationen:<\/strong><\/p>\n<p><a href=\"https:\/\/www.anne-frank-gymnasium.de\/wp-content\/uploads\/2024\/11\/Vorstellung_F_2FS_2020-klein.pdf\">Powerpoint-Pr\u00e4sentation <em>Franz\u00f6sisch als zweite Fr<\/em><\/a><a href=\"https:\/\/www.anne-frank-gymnasium.de\/wp-content\/uploads\/2024\/11\/Vorstellung_F_2FS_2020-klein.pdf\"><em>emdsprache am AFG<\/em><\/a><\/p>\n<p><a href=\"https:\/\/www.anne-frank-gymnasium.de\/wp-content\/uploads\/2020\/04\/Vorstellung_F_2FS_2020.pdf\"><em><a href=\"https:\/\/www.anne-frank-gymnasium.de\/wp-content\/uploads\/2024\/11\/Vorstellung_F_2FS_2020-klein.pdf\" class=\"pdfemb-viewer\" style=\"\" data-width=\"max\" data-height=\"max\" data-toolbar=\"bottom\" data-toolbar-fixed=\"off\">Vorstellung_F_2FS_2020 klein<\/a><\/em><\/a><\/p>\n<ul>\n<li>Weitere Informationen zum <a href=\"https:\/\/www.anne-frank-gymnasium.de\/?page_id=6808\">DELF-Scolaire am AFG<\/a><\/li>\n<li>Weitere Informationen zum <a href=\"https:\/\/www.anne-frank-gymnasium.de\/?page_id=6799\">Frankreichaustausch<\/a><\/li>\n<li><a href=\"https:\/\/www.anne-frank-gymnasium.de\/?cat=20\">Beitr\u00e4ge zum Frankreichaustausch<\/a><\/li>\n<li><a href=\"https:\/\/www.anne-frank-gymnasium.de\/?cat=33\">Alle Beitr\u00e4ge zum Fach Franz\u00f6sisch<\/a><\/li>\n<\/ul>\n<p>&nbsp;<\/p>\n<p><strong>Internetlinks zum Fach Franz\u00f6sisch (Videos und Spiele):<br \/>\n<\/strong><br \/>\n&#8211; Warum Franz\u00f6sisch lernen? Interview mit Sch\u00fclerinnen und Sch\u00fclern<\/p>\n<div class=\"embed-container\"><iframe loading=\"lazy\" title=\"Warum Franz\u00f6sisch lernen?\" width=\"870\" height=\"489\" src=\"https:\/\/www.youtube.com\/embed\/_icnoZ7yKVo?feature=oembed\" frameborder=\"0\" allow=\"accelerometer; autoplay; clipboard-write; encrypted-media; gyroscope; picture-in-picture; web-share\" referrerpolicy=\"strict-origin-when-cross-origin\" allowfullscreen><\/iframe><\/div>\n<p>&nbsp;<\/p>\n<p>&#8211; D\u00e9couvertes Franz\u00f6sisch ab Klasse 6 &#8211; Klett Werbevideo<\/p>\n<div class=\"embed-container\"><iframe loading=\"lazy\" title=\"D\u00e9couvertes Franz\u00f6sisch ab Klasse 6\" width=\"870\" height=\"489\" src=\"https:\/\/www.youtube.com\/embed\/Jz6Fo8MqKI0?feature=oembed\" frameborder=\"0\" allow=\"accelerometer; autoplay; clipboard-write; encrypted-media; gyroscope; picture-in-picture; web-share\" referrerpolicy=\"strict-origin-when-cross-origin\" allowfullscreen><\/iframe><\/div>\n<p>&nbsp;<\/p>\n<p>&#8211; Peppa Pig &#8211; Le voyage \u00e0 Paris<\/p>\n<div class=\"embed-container\"><iframe loading=\"lazy\" title=\"Peppa Pig Fran\u00e7ais \ud83d\udc99 Le Voyage \u00c0 Paris \ud83d\udc99 Compilation Sp\u00e9ciale | Dessin Anim\u00e9 Pour B\u00e9b\u00e9\" width=\"870\" height=\"489\" src=\"https:\/\/www.youtube.com\/embed\/oCe8MpZi4Sg?feature=oembed\" frameborder=\"0\" allow=\"accelerometer; autoplay; clipboard-write; encrypted-media; gyroscope; picture-in-picture; web-share\" referrerpolicy=\"strict-origin-when-cross-origin\" allowfullscreen><\/iframe><\/div>\n<p>&nbsp;<\/p>\n<p>&#8211; Wochenende in Nizza? Ein Reisevideo<\/p>\n<div class=\"embed-container\"><iframe loading=\"lazy\" title=\"Weekend \u00e0 Nice : les bons plans incontournables !\" width=\"870\" height=\"489\" src=\"https:\/\/www.youtube.com\/embed\/LaaCOren72Q?feature=oembed\" frameborder=\"0\" allow=\"accelerometer; autoplay; clipboard-write; encrypted-media; gyroscope; picture-in-picture; web-share\" referrerpolicy=\"strict-origin-when-cross-origin\" allowfullscreen><\/iframe><\/div>\n<p>&nbsp;<\/p>\n<p>&#8211; arte Karambolage &#8211; Sendung mit humorvollem Vergleich deutscher und franz\u00f6sischer Eigenheiten<\/p>\n<div class=\"embed-container\"><iframe loading=\"lazy\" title=\"Nutella: Hart oder fl\u00fcssig? Eine Frage der Herkunft | Karambolage | ARTE\" width=\"870\" height=\"489\" src=\"https:\/\/www.youtube.com\/embed\/IiN9bglpt6w?feature=oembed\" frameborder=\"0\" allow=\"accelerometer; autoplay; clipboard-write; encrypted-media; gyroscope; picture-in-picture; web-share\" referrerpolicy=\"strict-origin-when-cross-origin\" allowfullscreen><\/iframe><\/div>\n<p>&nbsp;<\/p>\n<p><a href=\"https:\/\/learningapps.org\/watch?v=p42k798hj20\">&#8211; Schnuppervideo mit Aufgaben zum Thema Kennenlernen (Danke an Frau Mainz f\u00fcr die Erstellung!)<\/a><\/p>\n<p>&#8211; <a href=\"https:\/\/babadum.com\/play\/?lang=5&amp;game=4\">Ba Ba Dum &#8211; Vokabel und Aussprachequiz (Basis- und Aufbauwortschatz)<\/a><\/p>\n<p><a href=\"https:\/\/www2.klett.de\/sixcms\/list.php?page=lehrwerk_extra&amp;titelfamilie=&amp;extra=D%C3%A9couvertes%2C%20S%C3%A9rie%20jaune%20-%20Online%20f%C3%BCr%20Sch%C3%BCler&amp;modul=inhaltsammlung&amp;inhalt=klett71prod_1.c.1658426.de&amp;kapitel=1658896\">&#8211; Online-Angebot des Lehrwerks D\u00e9couvertes (hier: Video zum Angebot eines Schreibwarengesch\u00e4fts)<\/a><\/p>\n<p>&#8211; <a href=\"https:\/\/www.planet-schule.de\/sf\/filme-online.php?film=10504&amp;reihe=1532\">Planet Schule &#8211; Alors parle! &#8211; Kurze Lernvideos (Basisgrammatik und -wortschatz)<\/a><\/p>\n<p><a href=\"https:\/\/www.franzoesisch-lernen-online.de\/nebenbei-lernen\">&#8211; Franz\u00f6sisch Lernen online &#8211; Sammlung mit vielen kostenlosen Online Ressourcen<\/a><\/p>\n<p>&nbsp;<\/p>\n<p>&nbsp;<\/p>\n<p>&nbsp;<\/p>\n<p>&nbsp;<\/p>\n","protected":false},"excerpt":{"rendered":"<p><a href=\"https:\/\/www.anne-frank-gymnasium.de\/wp-content\/uploads\/2024\/11\/pexels-luke-webb-1336561-2738173-scaled.jpg\"><\/a><\/p>\n<p>Ziele und Nutzen des Franz\u00f6sischunterrichts<\/p>\n<p>Das Erlernen der franzosischen Sprache ist f\u00fcr Menschen in Deutschland von besonderer Wichtigkeit. Franz\u00f6sisch ist Sprache des Nachbarlandes Frankreich, mit dem seit langem ein besonders enges Verh\u00e4ltnis besteht. Frankreich ist auch der bedeutendste Handelspartner Deutschlands, gute Franz\u00f6sischkenntnisse erh\u00f6hen damit immer auch die Berufschancen. Frankreich ist auch eines der &hellip; <\/p>\n<p><a class=\"more-link btn\" href=\"https:\/\/www.anne-frank-gymnasium.de\/?page_id=8351\">Weiterlesen<\/a><\/p>\n","protected":false},"author":12,"featured_media":0,"parent":7980,"menu_order":0,"comment_status":"closed","ping_status":"closed","template":"","meta":{"footnotes":""},"class_list":["post-8351","page","type-page","status-publish","hentry","nodate","item-wrap"],"_links":{"self":[{"href":"https:\/\/www.anne-frank-gymnasium.de\/index.php?rest_route=\/wp\/v2\/pages\/8351","targetHints":{"allow":["GET"]}}],"collection":[{"href":"https:\/\/www.anne-frank-gymnasium.de\/index.php?rest_route=\/wp\/v2\/pages"}],"about":[{"href":"https:\/\/www.anne-frank-gymnasium.de\/index.php?rest_route=\/wp\/v2\/types\/page"}],"author":[{"embeddable":true,"href":"https:\/\/www.anne-frank-gymnasium.de\/index.php?rest_route=\/wp\/v2\/users\/12"}],"replies":[{"embeddable":true,"href":"https:\/\/www.anne-frank-gymnasium.de\/index.php?rest_route=%2Fwp%2Fv2%2Fcomments&post=8351"}],"version-history":[{"count":46,"href":"https:\/\/www.anne-frank-gymnasium.de\/index.php?rest_route=\/wp\/v2\/pages\/8351\/revisions"}],"predecessor-version":[{"id":19621,"href":"https:\/\/www.anne-frank-gymnasium.de\/index.php?rest_route=\/wp\/v2\/pages\/8351\/revisions\/19621"}],"up":[{"embeddable":true,"href":"https:\/\/www.anne-frank-gymnasium.de\/index.php?rest_route=\/wp\/v2\/pages\/7980"}],"wp:attachment":[{"href":"https:\/\/www.anne-frank-gymnasium.de\/index.php?rest_route=%2Fwp%2Fv2%2Fmedia&parent=8351"}],"curies":[{"name":"wp","href":"https:\/\/api.w.org\/{rel}","templated":true}]}}