{"id":4857,"date":"2016-11-29T10:16:58","date_gmt":"2016-11-29T09:16:58","guid":{"rendered":"http:\/\/www.anne-frank-gymnasium.de\/?page_id=4857"},"modified":"2020-10-30T13:44:11","modified_gmt":"2020-10-30T12:44:11","slug":"beratung","status":"publish","type":"page","link":"https:\/\/www.anne-frank-gymnasium.de\/?page_id=4857","title":{"rendered":"Beratung"},"content":{"rendered":"<p><strong>Beratung f\u00fcr Sch\u00fcler und Sch\u00fclerinnen<br \/>\nder Stufen 7-9 bzw. 7-10 am AFG<\/strong><br \/>\n<a href=\"https:\/\/www.anne-frank-gymnasium.de\/wp-content\/uploads\/2014\/05\/beratung.gif\"><img loading=\"lazy\" decoding=\"async\" class=\"alignnone size-full wp-image-1986\" src=\"https:\/\/www.anne-frank-gymnasium.de\/wp-content\/uploads\/2014\/05\/beratung.gif\" alt=\"beratung\" width=\"288\" height=\"238\" \/><\/a><br \/>\nWenn es da ein Problem gibt\u2026<br \/>\nWenn Du nicht mehr weiter wei\u00dft\u2026<br \/>\nWenn es \u201ebrennt\u201c\u2026<br \/>\nWenn Du einfach mal reden m\u00f6chtest\u2026<br \/>\n\u2026 \u00fcber die Schule oder \u00fcber das Leben<\/p>\n<p>Das <strong>Beratungskonzept der Mittelstufe<\/strong> umfasst folgende Bereiche:<\/p>\n<p>\u2666 Lernberatung, Laufbahnberatung, individuelle F\u00f6rderung<\/p>\n<p>\u2666 Konfliktberatung, Krisenintervention<\/p>\n<p>Auf <strong>Sch\u00fclerseite<\/strong>\u00a0kann die Beratung die Schullaufbahn, eine Klassenwiederholung oder individuelle Probleme betreffen. Auf <strong>Elternseite<\/strong> besteht die M\u00f6glichkeit, sich \u00fcber die Schullaufbahn des Kindes oder auch \u00fcber weitere schulische Belange des Kindes zu informieren.<\/p>\n<p>Das <strong>Mittelstufenteam kooperiert mit<\/strong> den Klassenlehrern, Fachlehrern, den Vertrauenslehrern, den StuBO-Beratungslehrern sowie mit den Koordinatoren f\u00fcr die Erprobungs- und Oberstufe.<\/p>\n<p><strong>Jedes Gespr\u00e4ch wird nat\u00fcrlich<br \/>\nabsolut vertraulich behandelt!<\/strong><\/p>\n<p>&nbsp;<\/p>\n<p><strong>Sprechstunden:<\/strong> Dienstags ab 13:30 Uhr<br \/>\nsowie jederzeit nach Vereinbarung<br \/>\n<strong>Raum:<\/strong> B\u00fcro (B020) gegen\u00fcber dem Sekretariat<\/p>\n<p>&nbsp;<\/p>\n<p><span style=\"color: #3789b5;\"><strong>Kontaktaufnahme:<\/strong><\/span><\/p>\n<p><span style=\"color: #3789b5;\"><strong>Telefonisch unter 0241\/1769-224 oder -200 (Sekretariat) oder<\/strong><\/span><\/p>\n<p><span style=\"color: #3789b5;\"><strong>per Email:\u00a0<\/strong><\/span><\/p>\n<p><a href=\"mailto:roesner-jumpertz@afgmail.de\"><span style=\"color: #3789b5;\"><strong>roesner-jumpertzatafgmail.de<\/strong><\/span><\/a><\/p>\n","protected":false},"excerpt":{"rendered":"<p>Beratung f\u00fcr Sch\u00fcler und Sch\u00fclerinnen der Stufen 7-9 bzw. 7-10 am AFG <a href=\"https:\/\/www.anne-frank-gymnasium.de\/wp-content\/uploads\/2014\/05\/beratung.gif\"><\/a> Wenn es da ein Problem gibt\u2026 Wenn Du nicht mehr weiter wei\u00dft\u2026 Wenn es \u201ebrennt\u201c\u2026 Wenn Du einfach mal reden m\u00f6chtest\u2026 \u2026 \u00fcber die Schule oder \u00fcber das Leben<\/p>\n<p>Das Beratungskonzept der Mittelstufe umfasst folgende Bereiche:<\/p>\n<p>\u2666 Lernberatung, Laufbahnberatung, individuelle F\u00f6rderung<\/p>\n<p> &hellip; <\/p>\n<p><a class=\"more-link btn\" href=\"https:\/\/www.anne-frank-gymnasium.de\/?page_id=4857\">Weiterlesen<\/a><\/p>\n","protected":false},"author":6,"featured_media":0,"parent":1987,"menu_order":0,"comment_status":"closed","ping_status":"closed","template":"","meta":{"footnotes":""},"class_list":["post-4857","page","type-page","status-publish","hentry","nodate","item-wrap"],"_links":{"self":[{"href":"https:\/\/www.anne-frank-gymnasium.de\/index.php?rest_route=\/wp\/v2\/pages\/4857","targetHints":{"allow":["GET"]}}],"collection":[{"href":"https:\/\/www.anne-frank-gymnasium.de\/index.php?rest_route=\/wp\/v2\/pages"}],"about":[{"href":"https:\/\/www.anne-frank-gymnasium.de\/index.php?rest_route=\/wp\/v2\/types\/page"}],"author":[{"embeddable":true,"href":"https:\/\/www.anne-frank-gymnasium.de\/index.php?rest_route=\/wp\/v2\/users\/6"}],"replies":[{"embeddable":true,"href":"https:\/\/www.anne-frank-gymnasium.de\/index.php?rest_route=%2Fwp%2Fv2%2Fcomments&post=4857"}],"version-history":[{"count":11,"href":"https:\/\/www.anne-frank-gymnasium.de\/index.php?rest_route=\/wp\/v2\/pages\/4857\/revisions"}],"predecessor-version":[{"id":12199,"href":"https:\/\/www.anne-frank-gymnasium.de\/index.php?rest_route=\/wp\/v2\/pages\/4857\/revisions\/12199"}],"up":[{"embeddable":true,"href":"https:\/\/www.anne-frank-gymnasium.de\/index.php?rest_route=\/wp\/v2\/pages\/1987"}],"wp:attachment":[{"href":"https:\/\/www.anne-frank-gymnasium.de\/index.php?rest_route=%2Fwp%2Fv2%2Fmedia&parent=4857"}],"curies":[{"name":"wp","href":"https:\/\/api.w.org\/{rel}","templated":true}]}}